{"id":47,"date":"2020-03-14T12:31:58","date_gmt":"2020-03-14T12:31:58","guid":{"rendered":"https:\/\/ceipelsmolins.wordpress.com\/?page_id=47"},"modified":"2020-03-14T12:31:58","modified_gmt":"2020-03-14T12:31:58","slug":"qui-som","status":"publish","type":"page","link":"http:\/\/www.ceipmolins.com\/index.php\/qui-som\/","title":{"rendered":"Qui som"},"content":{"rendered":"\n<p style=\"font-size:15px\">La nostra escola est\u00e0 ubicada a un entorn rural, pertanyent a la localitat de S&#8217;Arrac\u00f3. <\/p>\n\n\n\n<p class=\"has-text-align-justify\" style=\"font-size:15px\">Som una comunitat petita per\u00f2 molt activa i propera, ens agrada desenvolupar projectes i activitats amb la col\u00b7laboraci\u00f3 de les fam\u00edlies i associacions culturals locals.<\/p>\n\n\n\n<p class=\"has-text-align-justify\" style=\"font-size:15px\">Actualment tenim dues aules d&#8217;infantil per a 3, 4 i 5 anys, tres aules de prim\u00e0ria de 6 a 12 anys i l&#8217;aula polivalent de &#8220;<em>Musicart&#8221;<\/em>. Tamb\u00e9 comptem amb servei de matinera, menjador fins les 16h i activitats extraescolars que es complementen amb la <em>Ludoteca<\/em> que gestiona la nostra AMPA. A l&#8217;exterior tenim jardins i zones verdes on es duen a terme els projectes de <em>&#8220;Gardening&#8221; <\/em>i <em>&#8220;Espai Natura&#8221;<\/em>. Tamb\u00e9 estem acondicionant el nou espai <em>&#8220;Secret Garden&#8221;<\/em>, 1900 metres on dur a terme noves propostes educatives en plena natura.<\/p>\n\n\n\n<p class=\"has-text-align-justify\" style=\"font-size:15px\">Gr\u00e0cies al comprom\u00eds col\u00b7lectiu de tota la comunitat  vers el nostre projecte educatiu, estem en proc\u00e9s d&#8217;ampliaci\u00f3&#8230;<\/p>\n\n\n\n<p class=\"has-text-align-justify\" style=\"font-size:15px\">Som Molins!<\/p>\n\n\n\n<div class=\"wp-block-columns\">\n<div class=\"wp-block-column\" style=\"flex-basis:100%\">\n<div class=\"wp-block-group\">\n<div class=\"wp-block-columns\">\n<div class=\"wp-block-column\" style=\"flex-basis:100%\">\n<div class=\"wp-block-jetpack-tiled-gallery is-style-rectangular\"><div class=\"tiled-gallery__gallery\"><div class=\"tiled-gallery__row\"><div class=\"tiled-gallery__col\" style=\"flex-basis:39.37148%\"><figure class=\"tiled-gallery__item\"><img srcset=\"https:\/\/ceipelsmolins.wordpress.com\/wp-content\/uploads\/2021\/01\/e_3.jpg?strip=info&#038;w=600 600w,https:\/\/ceipelsmolins.wordpress.com\/wp-content\/uploads\/2021\/01\/e_3.jpg?strip=info&#038;w=900 900w,https:\/\/ceipelsmolins.wordpress.com\/wp-content\/uploads\/2021\/01\/e_3.jpg?strip=info&#038;w=1200 1200w,https:\/\/ceipelsmolins.wordpress.com\/wp-content\/uploads\/2021\/01\/e_3.jpg?strip=info&#038;w=1368 1368w\" alt=\"\" data-height=\"1368\" data-id=\"139\" data-link=\"https:\/\/ceipelsmolins.wordpress.com\/e_3\/\" data-url=\"https:\/\/ceipelsmolins.wordpress.com\/wp-content\/uploads\/2021\/01\/e_3.jpg\" data-width=\"1824\" src=\"https:\/\/ceipelsmolins.wordpress.com\/wp-content\/uploads\/2021\/01\/e_3.jpg\" \/><\/figure><\/div><div class=\"tiled-gallery__col\" style=\"flex-basis:60.62852%\"><figure class=\"tiled-gallery__item\"><img srcset=\"https:\/\/ceipelsmolins.wordpress.com\/wp-content\/uploads\/2021\/01\/e_2.jpg?strip=info&#038;w=600 600w,https:\/\/ceipelsmolins.wordpress.com\/wp-content\/uploads\/2021\/01\/e_2.jpg?strip=info&#038;w=900 900w,https:\/\/ceipelsmolins.wordpress.com\/wp-content\/uploads\/2021\/01\/e_2.jpg?strip=info&#038;w=980 980w\" alt=\"\" data-height=\"980\" data-id=\"135\" data-link=\"https:\/\/ceipelsmolins.wordpress.com\/e_2\/\" data-url=\"https:\/\/ceipelsmolins.wordpress.com\/wp-content\/uploads\/2021\/01\/e_2.jpg\" data-width=\"2016\" src=\"https:\/\/ceipelsmolins.wordpress.com\/wp-content\/uploads\/2021\/01\/e_2.jpg\" \/><\/figure><\/div><\/div><\/div><\/div>\n\n\n\n<p><\/p>\n<\/div>\n<\/div>\n<\/div>\n<\/div>\n<\/div>\n\n\n\n<pre class=\"wp-block-verse has-normal-font-size\"> <span style=\"color:#3c7993\" class=\"has-inline-color\"><strong><em>\u201cL\u2019educaci\u00f3 no canvia el m\u00f3n:<\/em><\/strong>\n <strong><em>canvia les persones que han de canviar el m\u00f3n\u201d<\/em><\/strong>\n <strong><em>(Paulo Freire) <\/em><\/strong> <\/span><\/pre>\n\n\n\n<p><\/p>\n","protected":false},"excerpt":{"rendered":"<p>La nostra escola est\u00e0 ubicada a un entorn rural, pertanyent a la localitat de S&#8217;Arrac\u00f3. Som una comunitat petita per\u00f2 molt activa i propera, ens agrada desenvolupar projectes i activitats amb la col\u00b7laboraci\u00f3 de les fam\u00edlies i associacions culturals locals. &hellip; <a href=\"http:\/\/www.ceipmolins.com\/index.php\/qui-som\/\">Continua llegint <span class=\"meta-nav\">&rarr;<\/span><\/a><\/p>\n","protected":false},"author":1,"featured_media":0,"parent":0,"menu_order":0,"comment_status":"closed","ping_status":"closed","template":"","meta":{"_monsterinsights_skip_tracking":false,"_monsterinsights_sitenote_active":false,"_monsterinsights_sitenote_note":"","_monsterinsights_sitenote_category":0,"spay_email":""},"_links":{"self":[{"href":"http:\/\/www.ceipmolins.com\/index.php\/wp-json\/wp\/v2\/pages\/47"}],"collection":[{"href":"http:\/\/www.ceipmolins.com\/index.php\/wp-json\/wp\/v2\/pages"}],"about":[{"href":"http:\/\/www.ceipmolins.com\/index.php\/wp-json\/wp\/v2\/types\/page"}],"author":[{"embeddable":true,"href":"http:\/\/www.ceipmolins.com\/index.php\/wp-json\/wp\/v2\/users\/1"}],"replies":[{"embeddable":true,"href":"http:\/\/www.ceipmolins.com\/index.php\/wp-json\/wp\/v2\/comments?post=47"}],"version-history":[{"count":0,"href":"http:\/\/www.ceipmolins.com\/index.php\/wp-json\/wp\/v2\/pages\/47\/revisions"}],"wp:attachment":[{"href":"http:\/\/www.ceipmolins.com\/index.php\/wp-json\/wp\/v2\/media?parent=47"}],"curies":[{"name":"wp","href":"https:\/\/api.w.org\/{rel}","templated":true}]}}